{"id":5616,"date":"2023-10-18T15:30:21","date_gmt":"2023-10-18T15:30:21","guid":{"rendered":"https:\/\/www.bb4books.com\/?page_id=5616"},"modified":"2023-10-19T06:32:09","modified_gmt":"2023-10-19T06:32:09","slug":"le-parcours-non-lineaire-des-femmes-dirigeantes","status":"publish","type":"page","link":"https:\/\/www.bb4books.com\/fr\/nos-auteurs\/sandrine-godefroy-evangelista\/le-parcours-non-lineaire-des-femmes-dirigeantes\/","title":{"rendered":"Te\u0301moignages EPISODE 1 Le parcours non line\u0301aire des femmes dirigeantes"},"content":{"rendered":"<p>[vc_section][vc_row][vc_column width=\u00a0\u00bb1\/3&Prime;]<div class=\"mkdf-section-title-holder    \" style=\"text-align: center\">\n\t<div class=\"mkdf-st-inner\">\n\t\t\t\t\n\t\t\t\n\t\t<h2\tclass=\"mkdf-st-title\" >\n\tCatherine Blanc<\/h2>\n<\/div>\n<\/div>[vc_single_image image=\u00a0\u00bb3982&Prime; img_size=\u00a0\u00bbfull\u00a0\u00bb alignment=\u00a0\u00bbcenter\u00a0\u00bb css=\u00a0\u00bb.vc_custom_1697643504398{margin-top: 15px !important;}\u00a0\u00bb][\/vc_column][vc_column width=\u00a0\u00bb2\/3&Prime;][vc_column_text]<span style=\"font-weight: 400;\">Dans ma carri\u00e8re j\u2019ai \u00e9t\u00e9 sollicit\u00e9e dans le cadre des m\u00e9dias, donc il m\u2019a fallu faire entendre ma voix. J\u2019\u00e9tais encore une jeune femme \u00e0 ce moment-l\u00e0, et faire entendre ma voix sur la base de quelles \u00e9coles, sur la base de combien d\u2019ann\u00e9es de clinique\u00a0? \u00c9videmment avec en face de moi, d\u2019autres intervenants qui pouvaient \u00eatre psychiatres hommes, il y avait des femmes, bien s\u00fbr, mais majoritairement plut\u00f4t des hommes. Il fallait tout d\u2019un coup que je sois autre chose que simplement une jolie image.<\/span><\/p>\n<p><span style=\"font-weight: 400;\">Il y a eu des moments o\u00f9 ce fut compliqu\u00e9. Je me suis rendue compte que je me rigidifiais un peu. Je faisais plus s\u00e9rieuse. Je n\u2019osais pas la souplesse de mon discours. Je n\u2019osais pas les sourires par peur d\u2019\u00eatre coinc\u00e9e dans une image trop sur le physique, j\u2019allais dire, de la femme, comme si la femme ne pouvait avoir qu\u2019un physique. Donc j\u2019\u00e9tais m\u00eame un peu trop dure, je me trouvais apr\u00e8s \u00e9pouvantablement rigide. Et pour une sexologue, je trouvais cela pas tr\u00e8s vendeur\u00a0! J\u2019\u00e9tais toujours coinc\u00e9e entre l\u2019id\u00e9e de ne pas \u00eatre trop f\u00e9minine et l\u2019id\u00e9e de ne pas \u00eatre compl\u00e8tement coinc\u00e9e. C\u2019\u00e9tait assez difficile et une tr\u00e8s belle exp\u00e9rience parce qu\u2019il m\u2019a fallu justement m\u2019autoriser \u00e0 trouver ma voie, bien que j\u2019ai eu en compte-rendu des phrases comme \u00ab\u00a0Catherine, elle est fra\u00eeche\u00a0!\u00a0\u00bb. Cela voulait tout dire. Je me suis dit qu\u2019il y avait vraiment du chemin. C\u2019est bien, \u00e7a fait grandir\u00a0!\u00a0<\/span>[\/vc_column_text][\/vc_column][\/vc_row][vc_row][vc_column][vc_column_text]<span style=\"font-weight: 400;\">J\u2019ai travaill\u00e9 pour Europe 1, \u00e9galement pour beaucoup en t\u00e9l\u00e9vision, TVA, Canal, France\u00a02, M6. \u00c0 chaque fois, il a fallu me confronter \u00e0 l\u2019image que l\u2019on croit que l\u2019on attend de soi, l\u2019image que l\u2019on veut donner de soi et aussi s\u2019\u00e9manciper. Qui a le droit de parler publiquement\u00a0? Faut-il avoir un \u00e2ge, un sexe certain\u00a0? Faut-il avoir quelque chose de diff\u00e9rent \u00e0 dire\u00a0? Cela pose vraiment la question de comment se placer par rapport aux autres. Par rapport aux hommes et par rapport \u00e0 ma famille aussi. Parce que j\u2019ai beaucoup entendu\u00a0: \u00ab\u00a0mais au nom de quoi, tu te permets de parler publiquement\u00a0!\u00a0\u00bb Ou\u00a0\u00ab\u00a0comment \u00e7a, tu vas \u00e9crire un livre\u00a0! Mais pour dire quoi\u00a0?\u00a0\u00bb. Comme si je ne pouvais pas m\u2019appuyer simplement sur mon exp\u00e9rience personnelle et sur ma clinique.\u00a0<\/span><\/p>\n<p><span style=\"font-weight: 400;\">Ce qui m\u2019a fait exp\u00e9rimenter beaucoup de choses. Souvent je ne me suis pas enferm\u00e9e dans un truc que je ma\u00eetrisais, au grand d\u00e9sespoir de mon mari qui me dit\u00a0: \u00ab\u00a0Puisque tu sais faire, pourquoi tu ne restes pas l\u00e0 o\u00f9 tu sais faire\u00a0?\u00a0\u00bb. Justement, parce que je sais le faire. J\u2019ai envie d\u2019explorer par curiosit\u00e9 autre chose. Donc je me suis beaucoup mise dans le risque, avec des victoires, avec des \u00e9checs cuisants, mais j\u2019ai beaucoup appris et je n\u2019ai pas fini.<\/span><\/p>\n<p><span style=\"font-weight: 400;\">J\u2019ai le sentiment que j\u2019ai un peu bidouill\u00e9 pour ne pas me retrouver dans des situations parfois questionnantes pour savoir si j\u2019\u00e9tais \u00e0 la hauteur ou pas. Je crois que j\u2019ai trouv\u00e9 la parade par la vie en lib\u00e9ral. Parce que du coup, je me suis offert le rythme, m\u00eame si j\u2019ai de toute fa\u00e7on le regard de qui vient me consulter et des gens qui m\u2019adressent des patients. Cela a d\u2019abord \u00e9t\u00e9 ma patient\u00e8le qui m\u2019a envoy\u00e9 elle-m\u00eame des personnes, ce qui est la plus belle des r\u00e9compenses. Mais il y avait aussi des acteurs d\u2019autres m\u00e9tiers, des m\u00e9decins, des sp\u00e9cialistes divers et vari\u00e9s qui avaient le retour de ce que je faisais ou pas. Mais d\u2019une certaine mani\u00e8re j\u2019\u00e9tais dans ma bulle et j\u2019ai bien conscience que cela a \u00e9t\u00e9 confortable pour me d\u00e9velopper, pour ouvrir mes ailes. Forte de cela, j\u2019ai eu envie d\u2019aller me confronter, parce que je ne suis pas un animal solitaire. Je parlais des m\u00e9dias, mais aussi \u00e0 travers des conf\u00e9rences en prenant la parole et au risque d\u2019\u00eatre bouscul\u00e9e et d\u00e9rang\u00e9e par les uns et les autres.\u00a0<\/span><\/p>\n<p><span style=\"font-weight: 400;\">La peur n\u2019est pas genr\u00e9e, elle est chez tout le monde. Effectivement, on se compare. Comment peut-on faire\u00a0autrement ? C\u2019est le propre de l\u2019\u00eatre humain. Ce sur quoi je me suis appuy\u00e9e\u00a0? Profond\u00e9ment sur mon d\u00e9sir. Une curiosit\u00e9, un cerveau qui a envie de faire dix mille choses. Quand je suis sollicit\u00e9e, je me dis\u00a0: \u00ab\u00a0je ne sais pas du tout comment je vais faire ce truc, mais s\u2019ils ont pens\u00e9 que je pouvais le faire, c\u2019est que je dois avoir les moyens de le faire\u00a0\u00bb. Ce qui est un tremplin formidable.<\/span>[\/vc_column_text][\/vc_column][\/vc_row][vc_row][vc_column css=\u00a0\u00bb.vc_custom_1697642645814{margin-top: 35px !important;}\u00a0\u00bb]<div class=\"mkdf-separator-holder clearfix  mkdf-separator-center mkdf-separator-with-icon\">\n\t<div class=\"mkdf-separator\" style=\"color: #04030a;border-style: solid\">\n\t\t\t\t\t<span class=\"mkdf-s-icon-part mkdf-left\"><\/span>\n\t\t\t<span class=\"mkdf-separator-icon\">\u2766<\/span>\n\t\t\t<span class=\"mkdf-s-icon-part mkdf-right\"><\/span>\n\t\t\t<\/div>\n<\/div>\n[\/vc_column][\/vc_row][vc_row][vc_column width=\u00a0\u00bb2\/3&Prime;][vc_column_text]<span style=\"font-weight: 400;\">Lorsque j\u2019ai eu des missions qui me faisaient sortir de ma zone de confort, je me disais que je ne pouvais pas \u00e9chouer. Et cela \u00e0 occasionner des comportements peut-\u00eatre plus durs, plus travailleurs\u00a0: \u00ab\u00a0je ne dois pas \u00e9chouer\u00a0\u00bb, \u00ab\u00a0je dois travailler plus pour montrer que je sais faire\u00a0\u00bb, etc.\u00a0<\/span><\/p>\n<p><span style=\"font-weight: 400;\">Ensuite, inconsciemment, j\u2019ai eu une strat\u00e9gie qui \u00e9tait de ne pas demander, d\u2019attendre que l\u2019on me propose pour \u00e9viter que je ne sois pas \u00e0 la hauteur. Je n\u2019ai pas fait comme d\u2019autres quand il y avait des postes disponibles. Je n\u2019ai pas dit \u00ab\u00a0oui, je sais le faire\u00a0\u00ab\u00a0si je n\u2019\u00e9tais pas s\u00fbre de savoir le faire. Je ne me suis pas propos\u00e9e. Deux comportements finalement qui, je pense, viennent d\u2019un manque d\u2019assurance, ou en tout cas, de la peur de ne pas \u00eatre \u00e0 la hauteur.\u00a0<\/span><\/p>\n<p><span style=\"font-weight: 400;\">J\u2019ai abord\u00e9 ma vie professionnelle en pensant d\u00e8s le d\u00e9part qu\u2019est-ce que je voulais vraiment faire de ma vie. En me posant cette question, m\u00eame adolescente, cela a d\u00e9termin\u00e9 mes \u00e9tudes. J\u2019\u00e9tais plut\u00f4t faite pour \u00eatre ing\u00e9nieure. Je suis all\u00e9e vers une \u00e9cole de commerce, en me disant\u00a0que plus d\u2019humanit\u00e9 m\u2019int\u00e9ressait davantage. Et que dans le monde d\u2019ing\u00e9nieurs, en tant que femme, j\u2019allais trop souffrir. J\u2019ai donc d\u00e9cider d\u2019aller plut\u00f4t financer les choses que les construire, ce qui m\u2019allait aussi. <\/span>[\/vc_column_text][\/vc_column][vc_column width=\u00a0\u00bb1\/3&Prime;]<div class=\"mkdf-section-title-holder    \" style=\"text-align: center\">\n\t<div class=\"mkdf-st-inner\">\n\t\t\t\t\n\t\t\t\n\t\t<h2\tclass=\"mkdf-st-title\" >\n\tClaire Iversenc<\/h2>\n<\/div>\n<\/div>[vc_single_image image=\u00a0\u00bb3984&Prime; img_size=\u00a0\u00bbfull\u00a0\u00bb alignment=\u00a0\u00bbcenter\u00a0\u00bb css=\u00a0\u00bb.vc_custom_1697643571307{margin-top: 15px !important;}\u00a0\u00bb][\/vc_column][\/vc_row][vc_row][vc_column][vc_column_text]<span style=\"font-weight: 400;\">Ensuite, ayant une vision assez claire de ce que je souhaitais ou ne souhaitais pas dans la vie, cela ne m\u2019a pos\u00e9 aucun probl\u00e8me de dire non, d\u00e8s que cela sortait de ce que je voulais vraiment. En second poste, on m\u2019a dit que la voie royale pour ma carri\u00e8re \u00e9tait d\u2019aller dans telle direction. J\u2019ai dit non. J\u2019ai postul\u00e9 pour aller l\u00e0 o\u00f9 je le d\u00e9sirais vraiment. Je ne suis pas all\u00e9e l\u00e0 o\u00f9 on me conseillait d\u2019aller, et j\u2019ai choisi ma voie.\u00a0<\/span><\/p>\n<p><span style=\"font-weight: 400;\">En fait, choisir sa voie in fine, cela am\u00e8ne tout autant \u00e0 la r\u00e9ussite. Bien s\u00fbr, il y a des gens qui font des carri\u00e8res plus fulgurantes. Moi je suis tr\u00e8s contente avec celle que j\u2019ai eue. Le d\u00e9clencheur a \u00e9t\u00e9 une claire vision de ce que je voulais vraiment, qui m\u2019a suivi toute ma vie, et qui ann\u00e9e apr\u00e8s ann\u00e9e, ne s\u2019est jamais d\u00e9mentie, heureusement.<\/span><\/p>\n<p><span style=\"font-weight: 400;\">Comment se conna\u00eetre soi-m\u00eame\u00a0? C\u2019est pouvoir \u00e9couter vraiment ses envies. En particulier se poser la question de\u00a0\u00ab\u00a0qu\u2019est-ce que j\u2019ai envie de faire de ma vie, j\u2019en ai qu\u2019une\u00a0? Qu\u2019est-ce que j\u2019ai envie de faire avec\u00a0?\u00a0\u00bb. Accepter de se tromper. On essaye un truc, on pense que c\u2019est cela, on essaye, \u00e7a marche, super, on continue, \u00e7a ne marche pas, on change. Je dirais aussi d\u2019\u00eatre indulgente ou douce avec soi-m\u00eame.\u00a0<\/span><\/p>\n<p><span style=\"font-weight: 400;\">Si j\u2019avais un conseil \u00e0 donner, c\u2019est une m\u00e9thode que j\u2019ai trouv\u00e9e qui a vraiment bien fonctionn\u00e9e. D\u00e8s que j\u2019ai un doute sur une d\u00e9cision, je m\u2019imagine \u00e0 80\u00a0ans face \u00e0 mon miroir, et je me dis \u00ab\u00a0est-ce que je serais fi\u00e8re de ma d\u00e9cision\u00a0?\u00a0\u00bb. J\u2019ai suivi ce driver toute ma vie. Si la r\u00e9ponse \u00e9tait oui, j\u2019y allais. Si la r\u00e9ponse \u00e9tait non, je refusais. <\/span>[\/vc_column_text][\/vc_column][\/vc_row][vc_row][vc_column css=\u00a0\u00bb.vc_custom_1697642645814{margin-top: 35px !important;}\u00a0\u00bb]<div class=\"mkdf-separator-holder clearfix  mkdf-separator-center mkdf-separator-with-icon\">\n\t<div class=\"mkdf-separator\" style=\"color: #04030a;border-style: solid\">\n\t\t\t\t\t<span class=\"mkdf-s-icon-part mkdf-left\"><\/span>\n\t\t\t<span class=\"mkdf-separator-icon\">\u2766<\/span>\n\t\t\t<span class=\"mkdf-s-icon-part mkdf-right\"><\/span>\n\t\t\t<\/div>\n<\/div>\n[\/vc_column][\/vc_row][vc_row][vc_column width=\u00a0\u00bb1\/3&Prime;]<div class=\"mkdf-section-title-holder    \" style=\"text-align: center\">\n\t<div class=\"mkdf-st-inner\">\n\t\t\t\t\n\t\t\t\n\t\t<h2\tclass=\"mkdf-st-title\" >\n\tDoroth\u00e9e Dehecq<\/h2>\n<\/div>\n<\/div>[vc_single_image image=\u00a0\u00bb3988&Prime; img_size=\u00a0\u00bbfull\u00a0\u00bb alignment=\u00a0\u00bbcenter\u00a0\u00bb css=\u00a0\u00bb.vc_custom_1697643608731{margin-top: 15px !important;}\u00a0\u00bb][\/vc_column][vc_column width=\u00a0\u00bb2\/3&Prime;][vc_column_text]<span style=\"font-weight: 400;\">J\u2019ai v\u00e9cu la peur de ne pas \u00eatre \u00e0 la hauteur \u00e0 deux moments de ma carri\u00e8re. Le premier \u00e9tait lors de mon retour de mon premier cong\u00e9 maternit\u00e9. Lorsque je suis arriv\u00e9e, pas de bureau, pas d\u2019ordinateur, pas de t\u00e9l\u00e9phone, \u2026 r\u00e9ellement oubli\u00e9e\u00a0!\u00a0 Apr\u00e8s huit mois, on avait oubli\u00e9 que je revenais, et donc je n\u2019avais pas de bureau pr\u00e8s de mon \u00e9quipe. J\u2019ai \u00e9t\u00e9 loin de toute l\u2019\u00e9quipe pendant deux mois avant qu\u2019ils me trouvent un bureau. J\u2019\u00e9tais loin g\u00e9ographiquement, pas connect\u00e9e pendant deux mois, et j\u2019avais l\u2019impression d\u2019avoir un cerveau qui avait ramolli, de ne rien comprendre, de ne pas \u00eatre dans le rythme. Je me suis vraiment demand\u00e9e si j\u2019allais arriver \u00e0 remonter sur le cheval. En fait, d\u00e8s que j\u2019ai eu un bureau dans l\u2019\u00e9quipe, c\u2019\u00e9tait reparti. Quant au deuxi\u00e8me, c\u2019est au retour de mon troisi\u00e8me cong\u00e9 maternit\u00e9. Je reviens au bout d\u2019un an, et l\u00e0, il y avait un client que j\u2019arrivais tr\u00e8s bien \u00e0 suivre avant de partir, qui allait mille fois plus vite que moi \u00e0 mon retour. La relation est devenue tr\u00e8s agressive. Forte de ma premi\u00e8re exp\u00e9rience, j\u2019ai tout de suite lev\u00e9 le doigt aupr\u00e8s de mon manager. Il est intervenu aupr\u00e8s du client et c\u2019est rentr\u00e9 dans l\u2019ordre.<\/span><\/p>\n<p><span style=\"font-weight: 400;\">Je voudrais revenir sur la question de l\u2019universalit\u00e9 de cette proportion f\u00e9minine \u00e0 l\u2019auto sabotage. J\u2019ai eu l\u2019occasion de travailler avec des pays diff\u00e9rents au cours de ma carri\u00e8re. J\u2019ai not\u00e9 notamment deux types de femmes qui m\u2019ont frapp\u00e9 par leurs comportements : les Am\u00e9ricaines \u2013 on pouvait s\u2019y attendre \u2013, mais \u00e9galement les Chinoises. J\u2019ai beaucoup travaill\u00e9 avec des Chinoises de Ta\u00efwan et de Hong Kong avant que ne s\u2019ouvre la R\u00e9publique populaire de Chine.<\/span>[\/vc_column_text][\/vc_column][\/vc_row][vc_row][vc_column][vc_column_text]<span style=\"font-weight: 400;\">Pour elles, comme pour les Am\u00e9ricaines, j\u2019ai pu constater qu\u2019il y avait beaucoup moins de questionnements par rapport \u00e0 la l\u00e9gitimit\u00e9 et \u00e0 la confiance. On pourrait les qualifier de fonceuses ces femmes-l\u00e0. Elles ont beaucoup moins d\u2019\u00e9tats d\u2019\u00e2me que peut-\u00eatre ne peuvent en avoir, par exemple, les Fran\u00e7aises qui justement se demandent toujours si elles ont \u00e0 la hauteur ou si elles vont r\u00e9ussir. J\u2019ai trouv\u00e9 que ces businesswomen \u00e9taient des rouleaux compresseurs. Elles fonctionnaient comme des machines. Parfois, on se demandait si elles avaient une sensibilit\u00e9 quelconque.<\/span><\/p>\n<p><span style=\"font-weight: 400;\">Les Anglo-Saxons et les Hollandais travaillent beaucoup \u00e0 l\u2019efficacit\u00e9. Ce qu\u2019ils regardent, ce sont les r\u00e9sultats. En France, on regarde parfois les r\u00e9sultats, mais on regarde aussi le chemin, le r\u00e9seau, etc. Je pense que c\u2019est aussi une histoire de personnalit\u00e9s. Dans les \u00e9coles, dans les parcours scolaires (je connais les Canadiens, les N\u00e9erlandais et les Allemands), l\u2019\u00e9tudiant ou le jeune adulte doit prendre son destin en main, c\u2019est moins cadr\u00e9 et du coup, assez vite, ils se posent des questions, ils avancent. Dans les universit\u00e9s am\u00e9ricaines et canadiennes, on peut facilement changer de parcours. On peut s\u2019autoriser \u00e0 plus de choses. Peut-\u00eatre que le fait qu\u2019on leur autorise cela, d\u00e8s le plus jeune \u00e2ge, font que les femmes ont davantage cette confiance en elles ensuite quand elles sont dans le monde professionnel.\u00a0<\/span><\/p>\n<p><span style=\"font-weight: 400;\">Je trouve que la nouvelle g\u00e9n\u00e9ration se sent aussi beaucoup plus libre. Je le vois via mes enfants et leurs amies filles dans leurs universit\u00e9s diverses. Les filles ne se posent pas la question si elles sont une fille ou un gar\u00e7on. Dans les modules entrepreneurs, il y a autant de filles que de gar\u00e7ons. Aujourd\u2019hui la culture globale l\u00e8ve certains freins que nous avons pu avoir (et je ne parle m\u00eame pas de nos m\u00e8res\u00a0!). Les choses \u00e9voluent dans le bon sens. <\/span>[\/vc_column_text][\/vc_column][\/vc_row][vc_row][vc_column css=\u00a0\u00bb.vc_custom_1697642645814{margin-top: 35px !important;}\u00a0\u00bb]<div class=\"mkdf-separator-holder clearfix  mkdf-separator-center mkdf-separator-with-icon\">\n\t<div class=\"mkdf-separator\" style=\"color: #04030a;border-style: solid\">\n\t\t\t\t\t<span class=\"mkdf-s-icon-part mkdf-left\"><\/span>\n\t\t\t<span class=\"mkdf-separator-icon\">\u2766<\/span>\n\t\t\t<span class=\"mkdf-s-icon-part mkdf-right\"><\/span>\n\t\t\t<\/div>\n<\/div>\n[\/vc_column][\/vc_row][vc_row][vc_column width=\u00a0\u00bb2\/3&Prime;][vc_column_text]<span style=\"font-weight: 400;\">J\u2019ai commenc\u00e9 il y a une dizaine d\u2019ann\u00e9es dans l\u2019univers du sport. Je travaillais chez Nike. C\u2019\u00e9tait un milieu extr\u00eamement masculin, tr\u00e8s sportif. Ils disaient \u00ab\u00a0nous sommes des Am\u00e9ricains buveurs de bi\u00e8re\u00a0\u00bb. Bref. Donc, ce n\u2019\u00e9tait pas du tout mon profil. Lorsque je suis arriv\u00e9e l\u00e0, j\u2019\u00e9tais un petit peu surprise, il a bien fallu que je m\u2019adapte. Au cours des cinq ann\u00e9es que j\u2019y ai pass\u00e9es, j\u2019ai eu constamment ce sentiment de me dire, mais suis-je vraiment \u00e0 ma place. Est-ce que je d\u00e9livre autant que je le devrais\u00a0? Parce qu\u2019on \u00e9tait quand m\u00eame dans un environnement assez machiste. Donc, moi, je ne prenais pas conscience de ce contexte machiste, mais je me disais simplement, est-ce que c\u2019est moi qui suis en dessous des performances que je devrais d\u00e9livrer\u00a0? Ou est-ce que r\u00e9ellement il y a un probl\u00e8me de perception\u00a0?<\/span><\/p>\n<p><span style=\"font-weight: 400;\">Je me rappelle d\u2019un \u00e9pisode tr\u00e8s particulier o\u00f9 mon mari \u00e9tait venu me chercher \u00e0 l\u2019a\u00e9roport de retour d\u2019un de mes voyages dans l\u2019Oregon avec mon fils qui avait quelques mois. J\u2019ai pris mon fils dans mes bras et qui m\u2019a tourn\u00e9 la t\u00eate une premi\u00e8re fois. Je l\u2019ai remis face \u00e0 moi, et il a retourn\u00e9 la t\u00eate une seconde fois. L\u00e0, je me suis dit que j\u2019\u00e9tais en train de passer \u00e0 c\u00f4t\u00e9 de quelque chose. Cela a \u00e9t\u00e9 une sorte de dilemme pour moi. Soit je privil\u00e9giais ma carri\u00e8re et mes nombreux voyages imp\u00e9ratifs (je devais passer par ce programme am\u00e9ricain et me plier \u00e0 ce que l\u2019on attendait de moi), mais en revanche, je risquais de mettre en p\u00e9ril mes d\u00e9buts de jeune maman. Soit je renoncais, parce que cela ne pouvait pas fonctionner ainsi pour moi.<\/span>[\/vc_column_text][\/vc_column][vc_column width=\u00a0\u00bb1\/3&Prime;]<div class=\"mkdf-section-title-holder    \" style=\"text-align: center\">\n\t<div class=\"mkdf-st-inner\">\n\t\t\t\t\n\t\t\t\n\t\t<h2\tclass=\"mkdf-st-title\" >\n\tDominique Delale<\/h2>\n<\/div>\n<\/div>[vc_single_image image=\u00a0\u00bb3986&Prime; img_size=\u00a0\u00bbfull\u00a0\u00bb alignment=\u00a0\u00bbcenter\u00a0\u00bb css=\u00a0\u00bb.vc_custom_1697643639016{margin-top: 15px !important;}\u00a0\u00bb][\/vc_column][\/vc_row][vc_row][vc_column][vc_column_text]<span style=\"font-weight: 400;\">J\u2019ai essay\u00e9 d\u2019expliquer \u00e0 mon employeur de l\u2019\u00e9poque. Cela n\u2019a pas \u00e9t\u00e9 entendu du tout. J\u2019ai compris qu\u2019il n\u2019y avait pas d\u2019issue, que c\u2019\u00e9tait un obstacle totalement bloquant pour mon d\u00e9veloppement en interne. Et j\u2019ai choisi de renoncer. Je me suis sabot\u00e9e dans le sens o\u00f9 en refusant je savais tr\u00e8s bien que je mettais fin \u00e0 mon \u00e9volution dans cette soci\u00e9t\u00e9. En m\u00eame temps, j\u2019ai fait le choix de dire \u00ab\u00a0je ne veux pas sacrifier ma vie personnelle et de m\u00e8re\u00a0\u00bb. Cela m\u2019a amen\u00e9 \u00e0 ce moment-l\u00e0 \u00e0 changer carr\u00e9ment de secteur d\u2019activit\u00e9 et \u00e0 me tourner vers le secteur du luxe dans lequel j\u2019ai \u00e9volu\u00e9 par la suite et encore aujourd\u2019hui.\u00a0<\/span><\/p>\n<p><span style=\"font-weight: 400;\">Puis il y a eu un deuxi\u00e8me d\u00e9clencheur lorsque j\u2019\u00e9tais chez Vuitton. Je pense avoir touch\u00e9 les limites d\u2019une organisation pluri dimensionnelle, extr\u00eamement sauvage, o\u00f9 j\u2019ai compris que cela ne rentrait plus en r\u00e9sonnance avec mes propres valeurs et mon envie de fonctionner. L\u00e0 encore, je me suis sabot\u00e9e dans le sens o\u00f9 l\u2019on m\u2019a fait une proposition que j\u2019ai refus\u00e9e, sachant qu\u2019en la refusant, de nouveau je me mettais dans une situation de blocage qui m\u2019am\u00e8nerait \u00e0 en partir, et c\u2019est ce qui s\u2019est pass\u00e9. Mais je ne me voyais pas continuer \u00e0 \u00e9voluer \u00e0 contre-courant de mes moteurs profonds.<\/span><\/p>\n<p><span style=\"font-weight: 400;\">J\u2019ai aussi confront\u00e9 \u00e0 mes propres auto sabotages. Lorsqu\u2019en interne, par exemple, il y avait un poste ouvert, je me suis souvent demand\u00e9e \u00ab\u00a0est-ce que je suis capable\u00a0\u00bb\u00a0? Parfois je me suis interdite de postuler en me disant \u00ab\u00a0je ne vais pas y arriver, je ne coche pas toutes les cases\u00a0\u00bb. Alors que j\u2019ai vu certains de mes pairs, plut\u00f4t des hommes en g\u00e9n\u00e9ral, qui \u00e9taient loin d\u2019avoir tout le scope attendu par le poste en question, qui n\u2019avaient aucune h\u00e9sitation \u00e0 postuler et qui ne voyaient aucun probl\u00e8me, en se disant \u00ab\u00a0ce n\u2019est pas grave, si je ne sais pas faire 25\u00a0% des t\u00e2ches, cela ne pose aucun probl\u00e8me\u00a0\u00bb.\u00a0<\/span><\/p>\n<p><span style=\"font-weight: 400;\">En tant que femme, on se dit qu\u2019il faut \u00eatre au moins \u00e0 100\u00a0% ou 110\u00a0% de ce qui est attendu. Donc, parfois, on passe \u00e0 c\u00f4t\u00e9 d\u2019opportunit\u00e9 comme cela, par un manque de confiance. <\/span>[\/vc_column_text][\/vc_column][\/vc_row][\/vc_section]<\/p>\n","protected":false},"excerpt":{"rendered":"<p>[vc_section][vc_row][vc_column width=\u00a0\u00bb1\/3&Prime;][vc_single_image image=\u00a0\u00bb3982&Prime; img_size=\u00a0\u00bbfull\u00a0\u00bb alignment=\u00a0\u00bbcenter\u00a0\u00bb css=\u00a0\u00bb.vc_custom_1697643504398{margin-top: 15px !important;}\u00a0\u00bb][\/vc_column][vc_column width=\u00a0\u00bb2\/3&Prime;][vc_column_text]Dans ma carri\u00e8re j\u2019ai \u00e9t\u00e9 sollicit\u00e9e dans le cadre des m\u00e9dias, donc il m\u2019a fallu faire entendre ma voix. J\u2019\u00e9tais encore une jeune femme \u00e0 ce moment-l\u00e0, et faire entendre ma voix [&hellip;]<\/p>\n","protected":false},"author":5,"featured_media":0,"parent":3975,"menu_order":0,"comment_status":"closed","ping_status":"closed","template":"","meta":{"footnotes":""},"class_list":["post-5616","page","type-page","status-publish","hentry"],"yoast_head":"<!-- This site is optimized with the Yoast SEO plugin v25.9 - https:\/\/yoast.com\/wordpress\/plugins\/seo\/ -->\n<title>Te\u0301moignages EPISODE 1 Le parcours non line\u0301aire des femmes dirigeantes - bb4 books<\/title>\n<meta name=\"robots\" content=\"index, follow, max-snippet:-1, max-image-preview:large, max-video-preview:-1\" \/>\n<link rel=\"canonical\" href=\"https:\/\/www.bb4books.com\/fr\/nos-auteurs\/sandrine-godefroy-evangelista\/le-parcours-non-lineaire-des-femmes-dirigeantes\/\" \/>\n<meta property=\"og:locale\" content=\"fr_FR\" \/>\n<meta property=\"og:type\" content=\"article\" \/>\n<meta property=\"og:title\" content=\"Te\u0301moignages EPISODE 1 Le parcours non line\u0301aire des femmes dirigeantes - bb4 books\" \/>\n<meta property=\"og:description\" content=\"[vc_section][vc_row][vc_column width=\u00a0\u00bb1\/3&Prime;][vc_single_image image=\u00a0\u00bb3982&Prime; img_size=\u00a0\u00bbfull\u00a0\u00bb alignment=\u00a0\u00bbcenter\u00a0\u00bb css=\u00a0\u00bb.vc_custom_1697643504398{margin-top: 15px !important;}\u00a0\u00bb][\/vc_column][vc_column width=\u00a0\u00bb2\/3&Prime;][vc_column_text]Dans ma carri\u00e8re j\u2019ai \u00e9t\u00e9 sollicit\u00e9e dans le cadre des m\u00e9dias, donc il m\u2019a fallu faire entendre ma voix. J\u2019\u00e9tais encore une jeune femme \u00e0 ce moment-l\u00e0, et faire entendre ma voix [&hellip;]\" \/>\n<meta property=\"og:url\" content=\"https:\/\/www.bb4books.com\/fr\/nos-auteurs\/sandrine-godefroy-evangelista\/le-parcours-non-lineaire-des-femmes-dirigeantes\/\" \/>\n<meta property=\"og:site_name\" content=\"bb4 books\" \/>\n<meta property=\"article:modified_time\" content=\"2023-10-19T06:32:09+00:00\" \/>\n<meta property=\"og:image\" content=\"https:\/\/www.bb4books.com\/wp-content\/uploads\/2022\/09\/bb4books-logo-PNG-Linkedin-couverture.png\" \/>\n\t<meta property=\"og:image:width\" content=\"1584\" \/>\n\t<meta property=\"og:image:height\" content=\"396\" \/>\n\t<meta property=\"og:image:type\" content=\"image\/png\" \/>\n<meta name=\"twitter:card\" content=\"summary_large_image\" \/>\n<meta name=\"twitter:label1\" content=\"Dur\u00e9e de lecture estim\u00e9e\" \/>\n\t<meta name=\"twitter:data1\" content=\"16 minutes\" \/>\n<script type=\"application\/ld+json\" class=\"yoast-schema-graph\">{\"@context\":\"https:\/\/schema.org\",\"@graph\":[{\"@type\":\"WebPage\",\"@id\":\"https:\/\/www.bb4books.com\/fr\/nos-auteurs\/sandrine-godefroy-evangelista\/le-parcours-non-lineaire-des-femmes-dirigeantes\/\",\"url\":\"https:\/\/www.bb4books.com\/fr\/nos-auteurs\/sandrine-godefroy-evangelista\/le-parcours-non-lineaire-des-femmes-dirigeantes\/\",\"name\":\"Te\u0301moignages EPISODE 1 Le parcours non line\u0301aire des femmes dirigeantes - bb4 books\",\"isPartOf\":{\"@id\":\"https:\/\/www.bb4books.com\/#website\"},\"datePublished\":\"2023-10-18T15:30:21+00:00\",\"dateModified\":\"2023-10-19T06:32:09+00:00\",\"breadcrumb\":{\"@id\":\"https:\/\/www.bb4books.com\/fr\/nos-auteurs\/sandrine-godefroy-evangelista\/le-parcours-non-lineaire-des-femmes-dirigeantes\/#breadcrumb\"},\"inLanguage\":\"fr-FR\",\"potentialAction\":[{\"@type\":\"ReadAction\",\"target\":[\"https:\/\/www.bb4books.com\/fr\/nos-auteurs\/sandrine-godefroy-evangelista\/le-parcours-non-lineaire-des-femmes-dirigeantes\/\"]}]},{\"@type\":\"BreadcrumbList\",\"@id\":\"https:\/\/www.bb4books.com\/fr\/nos-auteurs\/sandrine-godefroy-evangelista\/le-parcours-non-lineaire-des-femmes-dirigeantes\/#breadcrumb\",\"itemListElement\":[{\"@type\":\"ListItem\",\"position\":1,\"name\":\"Home\",\"item\":\"https:\/\/www.bb4books.com\/fr\/\"},{\"@type\":\"ListItem\",\"position\":2,\"name\":\"Nos auteurs\",\"item\":\"https:\/\/www.bb4books.com\/fr\/nos-auteurs\/\"},{\"@type\":\"ListItem\",\"position\":3,\"name\":\"Sandrine Godefroy-Evangelista\",\"item\":\"https:\/\/www.bb4books.com\/fr\/nos-auteurs\/sandrine-godefroy-evangelista\/\"},{\"@type\":\"ListItem\",\"position\":4,\"name\":\"Te\u0301moignages EPISODE 1 Le parcours non line\u0301aire des femmes dirigeantes\"}]},{\"@type\":\"WebSite\",\"@id\":\"https:\/\/www.bb4books.com\/#website\",\"url\":\"https:\/\/www.bb4books.com\/\",\"name\":\"bb4 books\",\"description\":\"Librairie bb4 books\",\"publisher\":{\"@id\":\"https:\/\/www.bb4books.com\/#organization\"},\"potentialAction\":[{\"@type\":\"SearchAction\",\"target\":{\"@type\":\"EntryPoint\",\"urlTemplate\":\"https:\/\/www.bb4books.com\/?s={search_term_string}\"},\"query-input\":{\"@type\":\"PropertyValueSpecification\",\"valueRequired\":true,\"valueName\":\"search_term_string\"}}],\"inLanguage\":\"fr-FR\"},{\"@type\":\"Organization\",\"@id\":\"https:\/\/www.bb4books.com\/#organization\",\"name\":\"bb4books\",\"url\":\"https:\/\/www.bb4books.com\/\",\"logo\":{\"@type\":\"ImageObject\",\"inLanguage\":\"fr-FR\",\"@id\":\"https:\/\/www.bb4books.com\/#\/schema\/logo\/image\/\",\"url\":\"https:\/\/www.bb4books.com\/wp-content\/uploads\/2022\/03\/mini-logo-bb4.png\",\"contentUrl\":\"https:\/\/www.bb4books.com\/wp-content\/uploads\/2022\/03\/mini-logo-bb4.png\",\"width\":254,\"height\":200,\"caption\":\"bb4books\"},\"image\":{\"@id\":\"https:\/\/www.bb4books.com\/#\/schema\/logo\/image\/\"}}]}<\/script>\n<!-- \/ Yoast SEO plugin. -->","yoast_head_json":{"title":"Te\u0301moignages EPISODE 1 Le parcours non line\u0301aire des femmes dirigeantes - bb4 books","robots":{"index":"index","follow":"follow","max-snippet":"max-snippet:-1","max-image-preview":"max-image-preview:large","max-video-preview":"max-video-preview:-1"},"canonical":"https:\/\/www.bb4books.com\/fr\/nos-auteurs\/sandrine-godefroy-evangelista\/le-parcours-non-lineaire-des-femmes-dirigeantes\/","og_locale":"fr_FR","og_type":"article","og_title":"Te\u0301moignages EPISODE 1 Le parcours non line\u0301aire des femmes dirigeantes - bb4 books","og_description":"[vc_section][vc_row][vc_column width=\u00a0\u00bb1\/3&Prime;][vc_single_image image=\u00a0\u00bb3982&Prime; img_size=\u00a0\u00bbfull\u00a0\u00bb alignment=\u00a0\u00bbcenter\u00a0\u00bb css=\u00a0\u00bb.vc_custom_1697643504398{margin-top: 15px !important;}\u00a0\u00bb][\/vc_column][vc_column width=\u00a0\u00bb2\/3&Prime;][vc_column_text]Dans ma carri\u00e8re j\u2019ai \u00e9t\u00e9 sollicit\u00e9e dans le cadre des m\u00e9dias, donc il m\u2019a fallu faire entendre ma voix. J\u2019\u00e9tais encore une jeune femme \u00e0 ce moment-l\u00e0, et faire entendre ma voix [&hellip;]","og_url":"https:\/\/www.bb4books.com\/fr\/nos-auteurs\/sandrine-godefroy-evangelista\/le-parcours-non-lineaire-des-femmes-dirigeantes\/","og_site_name":"bb4 books","article_modified_time":"2023-10-19T06:32:09+00:00","og_image":[{"width":1584,"height":396,"url":"https:\/\/www.bb4books.com\/wp-content\/uploads\/2022\/09\/bb4books-logo-PNG-Linkedin-couverture.png","type":"image\/png"}],"twitter_card":"summary_large_image","twitter_misc":{"Dur\u00e9e de lecture estim\u00e9e":"16 minutes"},"schema":{"@context":"https:\/\/schema.org","@graph":[{"@type":"WebPage","@id":"https:\/\/www.bb4books.com\/fr\/nos-auteurs\/sandrine-godefroy-evangelista\/le-parcours-non-lineaire-des-femmes-dirigeantes\/","url":"https:\/\/www.bb4books.com\/fr\/nos-auteurs\/sandrine-godefroy-evangelista\/le-parcours-non-lineaire-des-femmes-dirigeantes\/","name":"Te\u0301moignages EPISODE 1 Le parcours non line\u0301aire des femmes dirigeantes - bb4 books","isPartOf":{"@id":"https:\/\/www.bb4books.com\/#website"},"datePublished":"2023-10-18T15:30:21+00:00","dateModified":"2023-10-19T06:32:09+00:00","breadcrumb":{"@id":"https:\/\/www.bb4books.com\/fr\/nos-auteurs\/sandrine-godefroy-evangelista\/le-parcours-non-lineaire-des-femmes-dirigeantes\/#breadcrumb"},"inLanguage":"fr-FR","potentialAction":[{"@type":"ReadAction","target":["https:\/\/www.bb4books.com\/fr\/nos-auteurs\/sandrine-godefroy-evangelista\/le-parcours-non-lineaire-des-femmes-dirigeantes\/"]}]},{"@type":"BreadcrumbList","@id":"https:\/\/www.bb4books.com\/fr\/nos-auteurs\/sandrine-godefroy-evangelista\/le-parcours-non-lineaire-des-femmes-dirigeantes\/#breadcrumb","itemListElement":[{"@type":"ListItem","position":1,"name":"Home","item":"https:\/\/www.bb4books.com\/fr\/"},{"@type":"ListItem","position":2,"name":"Nos auteurs","item":"https:\/\/www.bb4books.com\/fr\/nos-auteurs\/"},{"@type":"ListItem","position":3,"name":"Sandrine Godefroy-Evangelista","item":"https:\/\/www.bb4books.com\/fr\/nos-auteurs\/sandrine-godefroy-evangelista\/"},{"@type":"ListItem","position":4,"name":"Te\u0301moignages EPISODE 1 Le parcours non line\u0301aire des femmes dirigeantes"}]},{"@type":"WebSite","@id":"https:\/\/www.bb4books.com\/#website","url":"https:\/\/www.bb4books.com\/","name":"bb4 books","description":"Librairie bb4 books","publisher":{"@id":"https:\/\/www.bb4books.com\/#organization"},"potentialAction":[{"@type":"SearchAction","target":{"@type":"EntryPoint","urlTemplate":"https:\/\/www.bb4books.com\/?s={search_term_string}"},"query-input":{"@type":"PropertyValueSpecification","valueRequired":true,"valueName":"search_term_string"}}],"inLanguage":"fr-FR"},{"@type":"Organization","@id":"https:\/\/www.bb4books.com\/#organization","name":"bb4books","url":"https:\/\/www.bb4books.com\/","logo":{"@type":"ImageObject","inLanguage":"fr-FR","@id":"https:\/\/www.bb4books.com\/#\/schema\/logo\/image\/","url":"https:\/\/www.bb4books.com\/wp-content\/uploads\/2022\/03\/mini-logo-bb4.png","contentUrl":"https:\/\/www.bb4books.com\/wp-content\/uploads\/2022\/03\/mini-logo-bb4.png","width":254,"height":200,"caption":"bb4books"},"image":{"@id":"https:\/\/www.bb4books.com\/#\/schema\/logo\/image\/"}}]}},"_links":{"self":[{"href":"https:\/\/www.bb4books.com\/fr\/wp-json\/wp\/v2\/pages\/5616","targetHints":{"allow":["GET"]}}],"collection":[{"href":"https:\/\/www.bb4books.com\/fr\/wp-json\/wp\/v2\/pages"}],"about":[{"href":"https:\/\/www.bb4books.com\/fr\/wp-json\/wp\/v2\/types\/page"}],"author":[{"embeddable":true,"href":"https:\/\/www.bb4books.com\/fr\/wp-json\/wp\/v2\/users\/5"}],"replies":[{"embeddable":true,"href":"https:\/\/www.bb4books.com\/fr\/wp-json\/wp\/v2\/comments?post=5616"}],"version-history":[{"count":0,"href":"https:\/\/www.bb4books.com\/fr\/wp-json\/wp\/v2\/pages\/5616\/revisions"}],"up":[{"embeddable":true,"href":"https:\/\/www.bb4books.com\/fr\/wp-json\/wp\/v2\/pages\/3975"}],"wp:attachment":[{"href":"https:\/\/www.bb4books.com\/fr\/wp-json\/wp\/v2\/media?parent=5616"}],"curies":[{"name":"wp","href":"https:\/\/api.w.org\/{rel}","templated":true}]}}